{"id":81,"date":"2026-03-31T08:53:10","date_gmt":"2026-03-31T13:53:10","guid":{"rendered":"https:\/\/resultscanada.ca\/?post_type=action-button&#038;p=81"},"modified":"2026-04-01T08:36:28","modified_gmt":"2026-04-01T13:36:28","slug":"write-a-letter-to-editor-campaign-1","status":"publish","type":"action-button","link":"https:\/\/resultscanada.ca\/fr\/action-button\/write-a-letter-to-editor-campaign-1\/","title":{"rendered":"Write an LTE - Campaign 1"},"content":{"rendered":"<div style=\"height:18px\" aria-hidden=\"true\" class=\"wp-block-spacer\"><\/div>\n\n\n\n<div class=\"wp-block-columns is-layout-flex wp-container-core-columns-is-layout-9d6595d7 wp-block-columns-is-layout-flex\">\n<div class=\"wp-block-column is-layout-flow wp-block-column-is-layout-flow\" style=\"flex-basis:66.66%\">\n<div class=\"wp-block-toolset-blocks-container tb-container\" data-toolset-blocks-container=\"27e23acaf77f2139bce174efd6f34371\">\n<p><strong>r\u00e9sum\u00e9 de l'appel \u00e0 l'action&nbsp;&nbsp;<\/strong><\/p>\n\n\n\n<p>De f\u00e9vrier \u00e0 avril, nous demanderons au Canada de promouvoir un avenir o\u00f9 chaque enfant a un avenir \u00e0 vivre en prenant un nouvel engagement envers le M\u00e9canisme de financement mondial (GFF). Nous nous concentrons sur la protection des enfants du monde entier \u00e0 un moment o\u00f9 les progr\u00e8s mondiaux risquent de reculer. Pour la premi\u00e8re fois depuis le d\u00e9but du si\u00e8cle, le nombre de d\u00e9c\u00e8s d\u2019enfants devrait augmenter, mais nous ne sommes pas oblig\u00e9.e.s d\u2019accepter cette issue. Avec un leadership audacieux et des investissements strat\u00e9giques dans des m\u00e9canismes vitaux comme le GFF, nous pouvons transformer la vie de millions de jeunes et donner \u00e0 chaque enfant la chance de r\u00e9aliser pleinement son potentiel.<\/p>\n\n\n\n<div class=\"tb-button\" data-toolset-blocks-button=\"12c8d7b3be04932c80ab188a49d5038d\"><a class=\"tb-button__link\" href=\"https:\/\/resultscanada.ca\/fr\/campaign\/campaign-1\/\"><i class=\"tb-button__icon\"><\/i><span class=\"tb-button__content\">lisez l'appel \u00e0 l'action complet<\/span><\/a><\/div>\n<\/div>\n<\/div>\n\n\n\n<div class=\"wp-block-column is-layout-flow wp-block-column-is-layout-flow\" style=\"flex-basis:33.33%\">\n<div class=\"wp-block-toolset-blocks-container tb-container\" data-toolset-blocks-container=\"d5e8f3a7768abc124158311258ae81c4\">\n<p class=\"has-normal-font-size\"><em><strong>une lettre ouverte aux journaux<\/strong><br> : une lettre r\u00e9dig\u00e9e pour un journal, un magazine ou autres revues sur des questions qui touchent les lecteurs. La lettre ouverte aux journaux est destin\u00e9e \u00e0 \u00eatre publi\u00e9e dans un journal\/une revue<\/em><\/p>\n\n\n\n<p><\/p>\n<\/div>\n<\/div>\n<\/div>\n\n\n\n<p>R\u00e9diger une lettre ouverte aux journaux est un moyen simple, mais puissant, de d\u00e9montrer que les Canadien.ne.s se soucient de la sant\u00e9 mondiale et du d\u00e9veloppement international. Lorsque des journaux locaux publient des lettres, les d\u00e9cideurs.euses y pr\u00eatent attention\u202f: cela envoie un signal clair que ces enjeux comptent pour les \u00e9lecteurs.rices et les communaut\u00e9s partout au pays.<\/p>\n\n\n\n<p>Vous pouvez soumettre une lettre en tout temps, mais certains moments cl\u00e9s peuvent augmenter vos chances de publication\u202f:<\/p>\n\n\n\n<ul class=\"wp-block-list\">\n<li>Pour le <strong>Semaine mondiale des travailleurs.euses de la sant\u00e9 (1 au 7\u202favril\u202f)<\/strong>, vous pouvez ainsi mettre davantage en \u00e9vidence le r\u00f4le essentiel des agent.e.s de sant\u00e9 communautaires et des sages-femmes dans la prestation des soins, et expliquer pourquoi des investissements durables sont n\u00e9cessaires pour les soutenir.<\/li>\n\n\n\n<li>\u00c0 l\u2019occasion de la <strong>Journ\u00e9e mondiale de la sant\u00e9 (7\u202favril)\u202f<\/strong>, mettez en valeur comment les investissements dans le GFF renforcent les syst\u00e8mes de soins de sant\u00e9 primaires et rapprochent des services essentiels des communaut\u00e9s les plus marginalis\u00e9es.\u00a0<\/li>\n\n\n\n<li><strong>\u00c0 l\u2019approche des R\u00e9unions de printemps du Groupe de la Banque mondiale et du Fonds mon\u00e9taire international (du 13 au 18\u202favril)<\/strong>, \u202f: invitez le Canada \u00e0 profiter de cette tribune pour annoncer un nouvel investissement dans le GFF et donner le ton aux autres donateurs. Mettez en \u00e9vidence comment le mod\u00e8le dirig\u00e9 par les pays du GFF contribue \u00e0 renforcer les syst\u00e8mes de sant\u00e9, \u00e0 pr\u00e9venir les d\u00e9c\u00e8s maternels et infantiles et \u00e0 maximiser l\u2019impact de chaque dollar d\u2019aide canadienne.<\/li>\n<\/ul>\n\n\n\n<p>Pour augmenter encore vos chances de publication, envoyez votre lettre ouverte aux journaux locaux et communautaires.<\/p>\n\n\n<div id=\"div_block-96-321\" class=\"ct-div-block\" ><div id=\"_toggle-97-321\" class=\"oxy-toggle toggle-4095 toggle-4095-expanded\"  data-oxy-toggle-initial-state=\"closed\" data-oxy-toggle-active-class=\"toggle-4095-expanded\" >\n\t\t\t<div class='oxy-expand-collapse-icon' href='#'><\/div>\n\t\t\t<div class='oxy-toggle-content'>\n                <h4 id=\"headline-98-321\" class=\"ct-headline\"> suivez ces directives \u00e9tape par \u00e9tape pour r\u00e9diger une lettre ouverte aux journaux<\/h4>\t\t\t<\/div>\n\t\t<\/div><div id=\"_rich_text-99-321\" class=\"oxy-rich-text\" ><p>Nos b\u00e9n\u00e9voles consacrent en moyenne 1 \u00e0 2 heures \u00e0 la recherche et \u00e0 la planification, 30 minutes \u00e0 la r\u00e9daction de leur projet et 15 minutes \u00e0 sa soumission aux journaux.&nbsp;<\/p>\n<ol>\n<li>Lisez notre\u00a0<a href=\"https:\/\/bit.ly\/ActionResultatsCanada\" target=\"_blank\" rel=\"noopener\">appel \u00e0 l'action<\/a>&nbsp;actuel et prenez note de la \u00ab demande \u00bb.&nbsp;<\/li>\n<li>Effectuez une recherche sur l\u2019enjeu en question en lisant les nouvelles ou en consultant des sources fiables (comme l\u2019Organisation mondiale de la sant\u00e9).&nbsp;<\/li>\n<li>R\u00e9digez votre lettre ouverte aux journaux. Elle n\u2019a pas besoin d\u2019\u00eatre parfaite et vous n\u2019avez pas besoin non plus d\u2019\u00eatre un.e expert.e pour avoir une opinion.\n<ul>\n<li>Dressez la structure de votre lettre en utilisant le&nbsp;<a href=\"https:\/\/cdn.resultscanada.ca\/wp-content\/uploads\/sexprimer-avec-conviction.pdf\" target=\"_blank\" rel=\"noopener\">mod\u00e8le \u00ab\u2009\u00c9PIC \u00bb<\/a>.&nbsp;<\/li>\n<li>Synth\u00e9tisez au maximum \u2013 150 \u00e0 200 mots. Plus votre lettre sera claire et concise, plus vous aurez des chances qu\u2019elle soit publi\u00e9e.&nbsp;<\/li>\n<li>Concentrez-vous sur votre point de vue \u00e0 vous et parlez avec votre c\u0153ur tout en appuyant votre opinion avec des faits tir\u00e9s de notre&nbsp;<a href=\"https:\/\/bit.ly\/ActionResultatsCanada\" target=\"_blank\" rel=\"noopener\">appel \u00e0 l'action<\/a>&nbsp;et de vos recherches.&nbsp;<\/li>\n<li>Rappelez-vous de mentionner le probl\u00e8me d\u00e8s le d\u00e9part et d\u2019inclure une solution au probl\u00e8me soulev\u00e9 \u2013 qui est g\u00e9n\u00e9ralement la \u00ab demande \u00bb se trouvant dans l'&nbsp;<a href=\"https:\/\/bit.ly\/ActionResultatsCanada\" target=\"_blank\" rel=\"noopener\">appel \u00e0 l'action<\/a>.&nbsp;<\/li>\n<li>R\u00e9digez un titre accrocheur qui attirera l\u2019attention de vos lecteurs et lectrices.&nbsp;<\/li>\n<li>R\u00e9visez votre texte en vous assurant qu\u2019il respecte un langage inclusif. Jetez un \u0153il aux meilleures pratiques pour adopter une approche anti-oppression.&nbsp;<\/li>\n<\/ul>\n<\/li>\n<li>D\u00e9terminez si vous envoyez votre lettre ouverte \u00e0 un seul journal ou \u00e0 plusieurs. Si vous le transmettez \u00e0 plusieurs journaux, ajoutez leurs adresses courriel dans le champ Bcc. Utilisez notre liste de<a href=\"https:\/\/tinyurl.com\/RCGetPublished\" target=\"_blank\" rel=\"noopener\">contacts m\u00e9dias<\/a>&nbsp;for options.&nbsp;&nbsp;<\/li>\n<li>Appuyez sur \u00ab envoyer \u00bb \u2013 f\u00e9licitations ! N'oubliez pas de nous faire savoir que vous avez envoy\u00e9 une lettre au moyen de notre&nbsp;<a href=\"https:\/\/resultscanada.ca\/fr\/track-actions\/\">formulaire<\/a>&nbsp;ou en informant votre chef.fe de groupe. Si vous ne faites pas partie d'un groupe, contactez-nous \u00e0&nbsp;<a href=\"mailto:action@resultscanada.ca\" target=\"_blank\" rel=\"noopener\">action@resultscanada.ca<\/a>. Si vous n'\u00eates pas encore b\u00e9n\u00e9vole,&nbsp;<a href=\"https:\/\/resultscanada.ca\/fr\/join-us\/#headline-78-796\">joignez-vous \u00e0 nous !<\/a>!<\/li>\n<li>Envoyez votre lettre ouverte \u00e0 votre<a href=\"https:\/\/www.noscommunes.ca\/Members\/fr\" target=\"_blank\" rel=\"noopener\">d\u00e9put\u00e9.e<\/a>\u2014 m\u00eame si elle n\u2019a pas encore \u00e9t\u00e9 publi\u00e9e \u2014pour leur faire part de votre opinion.&nbsp;<\/li>\n<\/ol><\/div><\/div>\n\n\n<div style=\"height:20px\" aria-hidden=\"true\" class=\"wp-block-spacer\"><\/div>\n\n\n\n<h2 class=\"wp-block-heading has-text-color\" style=\"color:#29b5cf\">votre lettre a-t-elle \u00e9t\u00e9 publi\u00e9e?<\/h2>\n\n\n\n<div class=\"tb-fields-and-text\" data-toolset-blocks-fields-and-text=\"3e1d2592ce20bdf2bf813c9dfa44c991\"><ol>\n  <li>Effectuez une recherche sur Internet avec votre nom et une phrase cl\u00e9 tir\u00e9e de votre lettre ouverte quelques semaines apr\u00e8s l\u2019avoir soumise si vous n\u2019avez toujours pas eu de nouvelles.&nbsp;&nbsp;<\/li>\n  <li>Si votre lettre est publi\u00e9e, remplissez ce <a href=\"https:\/\/resultscanada.ca\/fr\/track-actions\/\" target=\"_blank\" rel=\"noopener\">formulaire<\/a>.&nbsp;<\/li>\n  <li>Partagez-le sur les m\u00e9dias sociaux en taguant\u202f<a href=\"https:\/\/x.com\/resultscda\" target=\"_blank\" rel=\"noopener\">@ResultsCda<\/a>\u202f<strong>et<\/strong> votre<a href=\"https:\/\/www.noscommunes.ca\/Members\/fr\" target=\"_blank\" rel=\"noopener\">d\u00e9put\u00e9e<\/a>.&nbsp;&nbsp;<\/li>\n  <li>Continuez de soumettre des lettres ouvertes aux journaux pour nos futurs appels \u00e0 l\u2019action et <a href=\"https:\/\/youtube.com\/shorts\/eGYlcFCnGXY\" target=\"_blank\" rel=\"noopener\">vous pourriez devenir un expert en \u00e9dition comme Adil<\/a>.<\/li>\n<\/ol><\/div>\n\n\n\n<div style=\"height:20px\" aria-hidden=\"true\" class=\"wp-block-spacer\"><\/div>\n\n\n<div id=\"div_block-96-321\" class=\"ct-div-block\" ><div id=\"_toggle-97-321\" class=\"oxy-toggle toggle-4095 toggle-4095-expanded\"  data-oxy-toggle-initial-state=\"closed\" data-oxy-toggle-active-class=\"toggle-4095-expanded\" >\n\t\t\t<div class='oxy-expand-collapse-icon' href='#'><\/div>\n\t\t\t<div class='oxy-toggle-content'>\n                <h4 id=\"headline-98-321\" class=\"ct-headline\">conseils pratiques<\/h4>\t\t\t<\/div>\n\t\t<\/div><div id=\"_rich_text-99-321\" class=\"oxy-rich-text\" ><ul>\n<li>Jetez un \u0153il \u00e0 notre <a href=\"https:\/\/drive.google.com\/file\/d\/1AzfZAeA-hOsvcsKo1xSBokGSM9GA7dYE\/view?usp=sharing\" target=\"_blank\" rel=\"noopener\">ressource \u00e9ducative<\/a> pour en apprendre plus sur la r\u00e9daction de lettres ouvertes aux journaux (15 min.)&nbsp;<\/li>\n<li>Faites le lien entre votre lettre ouverte et un enjeu d\u2019actualit\u00e9 \u2013 r\u00e9f\u00e9rez-vous \u00e0 notre liste de<a href=\"..\/campaign\/campaign-1\/#keydates\" target=\"_blank\" rel=\"noopener\">dates importantes, mots-clics, \u00e9tiquettes et mots-cl\u00e9s<\/a>.&nbsp;<\/li>\n<li>R\u00e9pondez \u00e0 un article publi\u00e9 r\u00e9cemment. Cela pourra vous servir d\u2019accroche.&nbsp;<\/li>\n<li>Collaborez avec d\u2019autres b\u00e9n\u00e9voles. Rien ne vous emp\u00eache de soumettre une lettre \u00e9crite \u00e0 plusieurs mains!&nbsp;<\/li>\n<li>Vous parlez une autre langue ? Soumettez votre lettre ouverte \u00e0 des journaux qui publient dans cette langue.&nbsp;<\/li>\n<li>Consid\u00e9rez <a href=\"https:\/\/resultscanada.ca\/fr\/your-tools\/#headline-67-119\" target=\"_blank\" rel=\"noopener\">\u00e9crire une lettre d\u2019opinion<\/a> si vous avez effectu\u00e9 une recherche exhaustive et que 200 mots ne suffisent pas!&nbsp;<\/li>\n<\/ul><\/div><\/div>\n\n\n<div style=\"height:20px\" aria-hidden=\"true\" class=\"wp-block-spacer\"><\/div>\n\n\n<div id=\"div_block-96-321\" class=\"ct-div-block\" ><div id=\"_toggle-12-760\" class=\"oxy-toggle toggle-1570 toggle-1570-expanded\"  data-oxy-toggle-initial-state=\"closed\" data-oxy-toggle-active-class=\"toggle-1570-expanded\" >\n\t\t\t<div class='oxy-expand-collapse-icon' href='#'><\/div>\n\t\t\t<div class='oxy-toggle-content'>\n                <h4 id=\"headline-13-760\" class=\"ct-headline\">voir un exemple d'une lettre ouverte aux journaux<\/h4>\t\t\t<\/div>\n\t\t<\/div><div id=\"_rich_text-16-760\" class=\"oxy-rich-text\" ><p><span style=\"font-size: 12pt; font-family: verdana, geneva, sans-serif;\"><strong>Un appel \u00e0 l\u2019action : unissons-nous pour l\u2019avenir des enfants<\/strong><\/span><\/p>\n<div>\n<p><span style=\"font-size: 12pt; font-family: verdana, geneva, sans-serif;\">Devant une r\u00e9alit\u00e9 brutale o\u00f9 un enfant succombe \u00e0 la malnutrition toutes les 10 secondes, notre responsabilit\u00e9 partag\u00e9e d\u2019agir avec compassion devient ind\u00e9niable. L\u2019Enveloppe d\u2019aide internationale (EAI) se pr\u00e9sente comme un phare d\u2019espoir pour les innombrables enfants affect\u00e9s par des circonstances d\u00e9sastreuses dans le monde entier.<\/span><\/p>\n<p><span style=\"font-size: 12pt; font-family: verdana, geneva, sans-serif;\">En tant que membres d\u2019une soci\u00e9t\u00e9 compatissante, nous avons le pouvoir d\u2019influencer un changement positif. Unissons nos voix et implorons le gouvernement canadien de respecter son engagement en allouant 600 millions de dollars canadiens en 2024 pour la vaccination, la nutrition et l\u2019\u00e9ducation. La transformation de la vie de chaque enfant est un t\u00e9moignage de notre impact collectif.<\/span><\/p>\n<p><span style=\"font-size: 12pt; font-family: verdana, geneva, sans-serif;\">Rejoignez ce parcours de plaidoyer, amplifiez notre message et participez \u00e0 un mouvement o\u00f9 nous nous effor\u00e7ons collectivement d\u2019atteindre chaque enfant. Chaque enfant, ind\u00e9pendamment des circonstances, m\u00e9rite une chance de s\u2019\u00e9panouir. Agissez maintenant.<\/span><\/p>\n<p data-lpos=\"article|body\"><span style=\"font-family: verdana, geneva, sans-serif; font-size: 12pt;\">Adil Mukhi<\/span><br \/><span style=\"font-family: verdana, geneva, sans-serif; font-size: 12pt;\">16\/11\/2024 in the&nbsp;<em><a href=\"https:\/\/www.lanouvelle.net\/lettres-dopinion\/un-appel-a-laction-unissons-nous-pour-lavenir-des-enfants\/\">La Nouvelle union<\/a><\/em><\/span><\/p>\n<p data-lpos=\"article|body\"><span style=\"font-family: verdana, geneva, sans-serif; font-size: 12pt;\"><strong>Voir plus de&nbsp;<a href=\"https:\/\/resultscanada.ca\/fr\/actions-taken\/\" target=\"_blank\" rel=\"noopener\">lettres aux journaux publi\u00e9s<\/a>.<\/strong><\/span><\/p>\n<\/div><\/div><\/div>\n\n\n<div style=\"height:20px\" aria-hidden=\"true\" class=\"wp-block-spacer\"><\/div>\n\n\n\n<div class=\"tb-fields-and-text\" data-toolset-blocks-fields-and-text=\"3e1d2592ce20bdf2bf813c9dfa44c991\"><p><strong>Consultez toutes nos <a href=\"https:\/\/resultscanada.ca\/fr\/nos-outils\/#headline-67-119\">ressources<\/a> pour vous aider \u00e0 \u00e9crivez une lettre ouverte aux journaux. Vous y trouverez \u00e9galement des dates importantes, des mots-clics, des \u00e9tiquettes et des mots cl\u00e9s se trouvant sur notre <a href=\"https:\/\/resultscanada.ca\/fr\/campaign\/campaign-1\/#keydates\" target=\"_blank\" rel=\"noopener\">page d\u2019appel \u00e0 l\u2019action<\/a>.<\/strong><\/p><\/div>\n\n\n<div id=\"testimonial-block\" class=\"ct-div-block\" ><div id=\"text_block-78-259\" class=\"ct-text-block\" >Avant d\u2019\u00eatre b\u00e9n\u00e9vole chez R\u00e9sultats, l\u2019id\u00e9e d\u2019\u00e9crire une lettre ouverte aux journaux me faisait peur ! Mais R\u00e9sultats m\u2019a donn\u00e9 les outils n\u00e9cessaires pour r\u00e9diger une lettre ouverte sur l\u2019importance de la vaccination et ma lettre a \u00e9t\u00e9 publi\u00e9e ! Je sens que j\u2019ai la capacit\u00e9 d\u2019agir pour continuer \u00e0 faire une diff\u00e9rence.&nbsp;<p>\u2013 Megan, b\u00e9n\u00e9vole de R\u00e9sultats Canada<br><\/p><\/div><img decoding=\"async\"  id=\"image-79-259\" alt=\"\" src=\"https:\/\/cdn.resultscanada.ca\/wp-content\/uploads\/quote-icon-mirror.svg\" class=\"ct-image\"\/><\/div>\n\n\n<div style=\"height:30px\" aria-hidden=\"true\" class=\"wp-block-spacer\"><\/div>\n\n\n\n<p><\/p>","protected":false},"featured_media":737,"template":"","categories":[33],"class_list":["post-81","action-button","type-action-button","status-publish","has-post-thumbnail","hentry","category-campaign-1"],"_links":{"self":[{"href":"https:\/\/resultscanada.ca\/fr\/wp-json\/wp\/v2\/action-button\/81","targetHints":{"allow":["GET"]}}],"collection":[{"href":"https:\/\/resultscanada.ca\/fr\/wp-json\/wp\/v2\/action-button"}],"about":[{"href":"https:\/\/resultscanada.ca\/fr\/wp-json\/wp\/v2\/types\/action-button"}],"wp:featuredmedia":[{"embeddable":true,"href":"https:\/\/resultscanada.ca\/fr\/wp-json\/wp\/v2\/media\/737"}],"wp:attachment":[{"href":"https:\/\/resultscanada.ca\/fr\/wp-json\/wp\/v2\/media?parent=81"}],"wp:term":[{"taxonomy":"category","embeddable":true,"href":"https:\/\/resultscanada.ca\/fr\/wp-json\/wp\/v2\/categories?post=81"}],"curies":[{"name":"wp","href":"https:\/\/api.w.org\/{rel}","templated":true}]}}